{"id":15097,"date":"2021-08-10T15:57:20","date_gmt":"2021-08-10T19:57:20","guid":{"rendered":"https:\/\/www.procolor.com\/atelier\/boucherville\/"},"modified":"2022-02-11T13:17:41","modified_gmt":"2022-02-11T18:17:41","slug":"boucherville","status":"publish","type":"page","link":"https:\/\/www.procolor.com\/fr-ca\/atelier\/boucherville\/","title":{"rendered":"Boucherville"},"content":{"rendered":"\t\t<div data-elementor-type=\"wp-page\" data-elementor-id=\"15097\" class=\"elementor elementor-15097 elementor-12442\" data-elementor-settings=\"[]\">\n\t\t\t\t\t\t<div class=\"elementor-inner\">\n\t\t\t\t\t\t\t<div class=\"elementor-section-wrap\">\n\t\t\t\t\t\t\t<section class=\"elementor-section elementor-top-section elementor-element elementor-element-5aa0d0d2 space-below-h1 elementor-section-boxed elementor-section-height-default elementor-section-height-default\" data-id=\"5aa0d0d2\" data-element_type=\"section\">\n\t\t\t\t\t\t<div class=\"elementor-container elementor-column-gap-default\">\n\t\t\t\t\t\t\t<div class=\"elementor-row\">\n\t\t\t\t\t<div class=\"elementor-column elementor-col-100 elementor-top-column elementor-element elementor-element-769d9238\" data-id=\"769d9238\" data-element_type=\"column\">\n\t\t\t<div class=\"elementor-column-wrap elementor-element-populated\">\n\t\t\t\t\t\t\t<div class=\"elementor-widget-wrap\">\n\t\t\t\t\t\t<div class=\"elementor-element elementor-element-8c4005e elementor-hidden-tablet elementor-hidden-phone elementor-widget elementor-widget-spacer\" data-id=\"8c4005e\" data-element_type=\"widget\" data-widget_type=\"spacer.default\">\n\t\t\t\t<div class=\"elementor-widget-container\">\n\t\t\t\t\t<div class=\"elementor-spacer\">\n\t\t\t<div class=\"elementor-spacer-inner\"><\/div>\n\t\t<\/div>\n\t\t\t\t<\/div>\n\t\t\t\t<\/div>\n\t\t\t\t\t\t<\/div>\n\t\t\t\t\t<\/div>\n\t\t<\/div>\n\t\t\t\t\t\t\t\t<\/div>\n\t\t\t\t\t<\/div>\n\t\t<\/section>\n\t\t\t\t<section class=\"elementor-section elementor-top-section elementor-element elementor-element-3019fb73 elementor-section-boxed elementor-section-height-default elementor-section-height-default\" data-id=\"3019fb73\" data-element_type=\"section\">\n\t\t\t\t\t\t<div class=\"elementor-container elementor-column-gap-default\">\n\t\t\t\t\t\t\t<div class=\"elementor-row\">\n\t\t\t\t\t<div class=\"elementor-column elementor-col-66 elementor-top-column elementor-element elementor-element-6547a4bf\" data-id=\"6547a4bf\" data-element_type=\"column\">\n\t\t\t<div class=\"elementor-column-wrap elementor-element-populated\">\n\t\t\t\t\t\t\t<div class=\"elementor-widget-wrap\">\n\t\t\t\t\t\t<div class=\"elementor-element elementor-element-1caa3e83 elementor-widget elementor-widget-autrics-title\" data-id=\"1caa3e83\" data-element_type=\"widget\" data-widget_type=\"autrics-title.default\">\n\t\t\t\t<div class=\"elementor-widget-container\">\n\t\t\t              <div class=\"title-section-area\">\n\t           <h2 class=\"section-title\">\n                  <span>\u00c0 propos<\/span> de nous\t\t\t   <\/h2>\n      <\/div><!-- Section title -->\t\t\n       \n      \n    \t\t<\/div>\n\t\t\t\t<\/div>\n\t\t\t\t<div class=\"elementor-element elementor-element-4703e7b4 elementor-widget elementor-widget-text-editor\" data-id=\"4703e7b4\" data-element_type=\"widget\" data-widget_type=\"text-editor.default\">\n\t\t\t\t<div class=\"elementor-widget-container\">\n\t\t\t\t\t\t\t\t<div class=\"elementor-text-editor elementor-clearfix\">\n\t\t\t\t<p>Carrossier ProColor Boucherville jouit d\u2019une r\u00e9putation irr\u00e9prochable pour la prestation d\u2019un travail de haute qualit\u00e9 dans ses services de r\u00e9paration de carrosserie. Notre installation est \u00e9quip\u00e9e d\u2019outils de pointe et r\u00e9pond aux normes des fabricants pour assurer votre tranquillit\u00e9 d\u2019esprit et votre s\u00e9curit\u00e9 lorsque vous reprenez la route. Au service de Boucherville et des environs, l\u2019atelier est sp\u00e9cialis\u00e9 dans le d\u00e9bosselage, la r\u00e9paration de carrosserie et la restauration de peinture. Vous pouvez \u00eatre assur\u00e9 d\u2019un service \u00e0 la client\u00e8le exceptionnel et d\u2019un service de r\u00e9paration de collision sans tracas, quelle que soit l\u2019\u00e9tendue des dommages. Si vous recherchez des services de r\u00e9paration de carrosserie de qualit\u00e9 sup\u00e9rieure, vous pouvez toujours compter sur les PROs de Carrossier ProColor Boucherville.<\/p>\t\t\t\t\t<\/div>\n\t\t\t\t\t\t<\/div>\n\t\t\t\t<\/div>\n\t\t\t\t<section class=\"elementor-section elementor-inner-section elementor-element elementor-element-6c1010fa elementor-section-boxed elementor-section-height-default elementor-section-height-default\" data-id=\"6c1010fa\" data-element_type=\"section\">\n\t\t\t\t\t\t<div class=\"elementor-container elementor-column-gap-default\">\n\t\t\t\t\t\t\t<div class=\"elementor-row\">\n\t\t\t\t\t<div class=\"elementor-column elementor-col-50 elementor-inner-column elementor-element elementor-element-2157a7a2\" data-id=\"2157a7a2\" data-element_type=\"column\">\n\t\t\t<div class=\"elementor-column-wrap elementor-element-populated\">\n\t\t\t\t\t\t\t<div class=\"elementor-widget-wrap\">\n\t\t\t\t\t\t<div class=\"elementor-element elementor-element-3c094d64 elementor-widget elementor-widget-autrics-title\" data-id=\"3c094d64\" data-element_type=\"widget\" data-widget_type=\"autrics-title.default\">\n\t\t\t\t<div class=\"elementor-widget-container\">\n\t\t\t              <div class=\"title-section-area\">\n\t           <h2 class=\"section-title\">\n                  <span>Heures <\/span> d'ouverture\t\t\t   <\/h2>\n      <\/div><!-- Section title -->\t\t\n       \n      \n    \t\t<\/div>\n\t\t\t\t<\/div>\n\t\t\t\t<div class=\"elementor-element elementor-element-37c37b3f elementor-widget elementor-widget-wp-widget-custom_html\" data-id=\"37c37b3f\" data-element_type=\"widget\" data-widget_type=\"wp-widget-custom_html.default\">\n\t\t\t\t<div class=\"elementor-widget-container\">\n\t\t\t<div class=\"textwidget custom-html-widget\">[shop-working-hours]<\/div>\t\t<\/div>\n\t\t\t\t<\/div>\n\t\t\t\t\t\t<\/div>\n\t\t\t\t\t<\/div>\n\t\t<\/div>\n\t\t\t\t<div class=\"elementor-column elementor-col-50 elementor-inner-column elementor-element elementor-element-350c79dd\" data-id=\"350c79dd\" data-element_type=\"column\">\n\t\t\t<div class=\"elementor-column-wrap elementor-element-populated\">\n\t\t\t\t\t\t\t<div class=\"elementor-widget-wrap\">\n\t\t\t\t\t\t<div class=\"elementor-element elementor-element-39a1d3bf elementor-widget elementor-widget-autrics-title\" data-id=\"39a1d3bf\" data-element_type=\"widget\" data-widget_type=\"autrics-title.default\">\n\t\t\t\t<div class=\"elementor-widget-container\">\n\t\t\t              <div class=\"title-section-area\">\n\t           <h2 class=\"section-title\">\n                  Contactez-nous\t\t\t   <\/h2>\n      <\/div><!-- Section title -->\t\t\n       \n      \n    \t\t<\/div>\n\t\t\t\t<\/div>\n\t\t\t\t<div class=\"elementor-element elementor-element-69470d2e elementor-widget elementor-widget-global elementor-global-9319 elementor-global-5913 elementor-widget-text-editor\" data-id=\"69470d2e\" data-element_type=\"widget\" data-widget_type=\"text-editor.default\">\n\t\t\t\t<div class=\"elementor-widget-container\">\n\t\t\t\t\t\t\t\t<div class=\"elementor-text-editor elementor-clearfix\">\n\t\t\t\t<h3>Carrossier ProColor [shop-name-short]<\/h3><p><b>Adresse:<\/b><br \/>[shop-address-line-1]<br \/>[shop-city], [shop-state-code], [shop-postal-code]<\/p><p><strong>T\u00e9l\u00e9phone:<\/strong> <a href=\"tel:[shop-phone]\">[shop-phone]<\/a><\/p><p><b>Courriel:<\/b> <a href=\"mailto:[shop-email]\">[shop-email]<\/a><\/p>\t\t\t\t\t<\/div>\n\t\t\t\t\t\t<\/div>\n\t\t\t\t<\/div>\n\t\t\t\t<div class=\"elementor-element elementor-element-d70274a elementor-shape-circle elementor-grid-6 e-grid-align-left elementor-widget elementor-widget-social-icons\" data-id=\"d70274a\" data-element_type=\"widget\" data-widget_type=\"social-icons.default\">\n\t\t\t\t<div class=\"elementor-widget-container\">\n\t\t\t\t\t<div class=\"elementor-social-icons-wrapper elementor-grid\">\n\t\t\t\t\t\t\t<span class=\"elementor-grid-item\">\n\t\t\t\t\t<a class=\"elementor-icon elementor-social-icon elementor-social-icon-map-marked-alt elementor-repeater-item-d491b18\" href=\"https:\/\/g.page\/r\/CUExXLjD3WvWEBA\" target=\"_blank\">\n\t\t\t\t\t\t<span class=\"elementor-screen-only\">Map-marked-alt<\/span>\n\t\t\t\t\t\t<i class=\"fas fa-map-marked-alt\"><\/i>\t\t\t\t\t<\/a>\n\t\t\t\t<\/span>\n\t\t\t\t\t<\/div>\n\t\t\t\t<\/div>\n\t\t\t\t<\/div>\n\t\t\t\t<div class=\"elementor-element elementor-element-6221287 elementor-widget elementor-widget-spacer\" data-id=\"6221287\" data-element_type=\"widget\" data-widget_type=\"spacer.default\">\n\t\t\t\t<div class=\"elementor-widget-container\">\n\t\t\t\t\t<div class=\"elementor-spacer\">\n\t\t\t<div class=\"elementor-spacer-inner\"><\/div>\n\t\t<\/div>\n\t\t\t\t<\/div>\n\t\t\t\t<\/div>\n\t\t\t\t\t\t<\/div>\n\t\t\t\t\t<\/div>\n\t\t<\/div>\n\t\t\t\t\t\t\t\t<\/div>\n\t\t\t\t\t<\/div>\n\t\t<\/section>\n\t\t\t\t<section class=\"elementor-section elementor-inner-section elementor-element elementor-element-120d1acd elementor-section-boxed elementor-section-height-default elementor-section-height-default\" data-id=\"120d1acd\" data-element_type=\"section\">\n\t\t\t\t\t\t<div class=\"elementor-container elementor-column-gap-default\">\n\t\t\t\t\t\t\t<div class=\"elementor-row\">\n\t\t\t\t\t<div class=\"elementor-column elementor-col-100 elementor-inner-column elementor-element elementor-element-24f9cda2\" data-id=\"24f9cda2\" data-element_type=\"column\">\n\t\t\t<div class=\"elementor-column-wrap elementor-element-populated\">\n\t\t\t\t\t\t\t<div class=\"elementor-widget-wrap\">\n\t\t\t\t\t\t<div class=\"elementor-element elementor-element-137194fe elementor-widget elementor-widget-google_maps\" data-id=\"137194fe\" data-element_type=\"widget\" data-widget_type=\"google_maps.default\">\n\t\t\t\t<div class=\"elementor-widget-container\">\n\t\t\t\t\t<div class=\"elementor-custom-embed\">\n\t\t\t<iframe class=\"lazyload\" frameborder=\"0\" scrolling=\"no\" marginheight=\"0\" marginwidth=\"0\"\n\t\t\t\t\tsrc=\"https:\/\/www.google.com\/maps\/embed\/v1\/place?key=AIzaSyB5pzF_2fNzRwBshwRK6hnu1-JK1a5tlls&#038;q=ProColor%20%5Bshop-name%5D%20%5Bshop-address-line-1%5D%20%5Bshop-city%5D%20%5Bshop-state%5D%20%5Bshop-postal-code%5D&#038;zoom=10\"\n\t\t\t\t\ttitle=\"ProColor [shop-name] [shop-address-line-1] [shop-city] [shop-state] [shop-postal-code]\"\n\t\t\t\t\taria-label=\"ProColor [shop-name] [shop-address-line-1] [shop-city] [shop-state] [shop-postal-code]\"\n\t\t\t><\/iframe>\n\t\t<\/div>\n\t\t\t\t<\/div>\n\t\t\t\t<\/div>\n\t\t\t\t\t\t<\/div>\n\t\t\t\t\t<\/div>\n\t\t<\/div>\n\t\t\t\t\t\t\t\t<\/div>\n\t\t\t\t\t<\/div>\n\t\t<\/section>\n\t\t\t\t\t\t<\/div>\n\t\t\t\t\t<\/div>\n\t\t<\/div>\n\t\t\t\t<div class=\"elementor-column elementor-col-33 elementor-top-column elementor-element elementor-element-a9572fd\" data-id=\"a9572fd\" data-element_type=\"column\">\n\t\t\t<div class=\"elementor-column-wrap elementor-element-populated\">\n\t\t\t\t\t\t\t<div class=\"elementor-widget-wrap\">\n\t\t\t\t\t\t<div class=\"elementor-element elementor-element-197ee768 elementor-widget elementor-widget-autrics-title\" data-id=\"197ee768\" data-element_type=\"widget\" data-widget_type=\"autrics-title.default\">\n\t\t\t\t<div class=\"elementor-widget-container\">\n\t\t\t              <div class=\"title-section-area\">\n\t           <h2 class=\"section-title\">\n                  <span>Prendre <\/span> un rendez-vous\t\t\t   <\/h2>\n      <\/div><!-- Section title -->\t\t\n       \n      \n    \t\t<\/div>\n\t\t\t\t<\/div>\n\t\t\t\t<div class=\"elementor-element elementor-element-1dfd654d progisync-widget elementor-widget elementor-widget-html\" data-id=\"1dfd654d\" data-element_type=\"widget\" data-widget_type=\"html.default\">\n\t\t\t\t<div class=\"elementor-widget-container\">\n\t\t\t<!-- PROGISYNC BOOKING WIDGET - Container Script: DIV that will hold the application. -->\r\n    <div id=\"pswidgetContainer\"><\/div>\r\n    <script>\r\n       \/*\r\n          Labels are optional.\r\n          Labels allow you to customize label names.\r\n          If you do not want to overwrite a label, remove it from the list or set it to null\r\n          hereafter are the keywords to use:\r\n       *\/\r\n\r\n       \/\/    var labels = {\r\n       \/\/        lbl_client_name: null,\r\n       \/\/        lbl_client_vehicle: null,\r\n       \/\/        lbl_client_email: null,\r\n       \/\/        lbl_client_phone: null,\r\n       \/\/        lbl_client_sms: null,\r\n       \/\/        lbl_client_sms_info: null,          \/* null by default. if defined, the message appears when the checkbox is selected *\/\r\n       \/\/        lbl_client_insurer: null,\r\n       \/\/        lbl_client_policy_nb: null,\r\n       \/\/        lbl_client_claim_nb: null,\r\n       \/\/        lbl_client_notes: null\r\n       \/\/    };\r\n\r\n       \/*\r\n           The extraRequiredFields parameter is optional.\r\n           By defining it, you can make other fields required. (Other than the ones already required by the widget)\r\n           You will find below the list of possible extra fields you can mark as required:\r\n           (If you don't want some of those fields to be marked as required, simply remove them from the list)\r\n        *\/\r\n\r\n       \/\/    var extraRequiredFields = [\r\n       \/\/        'client_insurer',\r\n       \/\/        'client_policy_nb',\r\n       \/\/        'client_claim_nb',\r\n       \/\/        'client_notes'\r\n       \/\/    ];\r\n\r\n       progi.bookingWidget.init({\r\n           webKey: 'I2M9pJctjToQcXCnKD0FcOrY91CYPwmI',  \/* Step 3.1: WebKey provided within ProgiSync's interface to the supplier. *\/\r\n           containerElementId: 'pswidgetContainer',  \/* Step 3.2: DIV ID where the widget will load, e.g. 'pswidgetContainer' in this case. *\/\r\n           lang: 'fr',                               \/* Step 3.3: Define the display language. en = English, fr = French *\/\r\n           myLabels: null,                           \/* Optional: Overwrite labels. To use it, replace null by labels and uncomment Labels declaration above *\/\r\n           extraRequiredFields: null                 \/* Optional: List of extra fields to be marked as required. To use it, replace the null value\r\n                                                     with extraRequiredFields and uncomment the extraRequiredFields declaration above. *\/\r\n       });\r\n   <\/script>\r\n    <!-- PROGISYNC BOOKING WIDGET - Container Script END -->\t\t<\/div>\n\t\t\t\t<\/div>\n\t\t\t\t\t\t<\/div>\n\t\t\t\t\t<\/div>\n\t\t<\/div>\n\t\t\t\t\t\t\t\t<\/div>\n\t\t\t\t\t<\/div>\n\t\t<\/section>\n\t\t\t\t<section class=\"elementor-section elementor-top-section elementor-element elementor-element-36908ea elementor-section-boxed elementor-section-height-default elementor-section-height-default\" data-id=\"36908ea\" data-element_type=\"section\">\n\t\t\t\t\t\t<div class=\"elementor-container elementor-column-gap-default\">\n\t\t\t\t\t\t\t<div class=\"elementor-row\">\n\t\t\t\t\t<div class=\"elementor-column elementor-col-100 elementor-top-column elementor-element elementor-element-718d8877\" data-id=\"718d8877\" data-element_type=\"column\">\n\t\t\t<div class=\"elementor-column-wrap elementor-element-populated\">\n\t\t\t\t\t\t\t<div class=\"elementor-widget-wrap\">\n\t\t\t\t\t\t<div class=\"elementor-element elementor-element-44f89cd7 dynamic-footer elementor-widget elementor-widget-global elementor-global-8846 elementor-global-4207 elementor-widget-autrics-process\" data-id=\"44f89cd7\" data-element_type=\"widget\" data-widget_type=\"autrics-process.default\">\n\t\t\t\t<div class=\"elementor-widget-container\">\n\t\t\t      \t    \t\n         \n\t\t<div class=\"row footer-top\">\n               <div class=\"col-md-4 footer-box\">\n                  <i class=\"icon icon-map-marker1\"><\/i>\n                  <div class=\"footer-box-content\">\n                     <h3><span class=\"brand-address-line-1\">99 \u00c9milien-Marcoux Suite, 101<\/span><\/h3>\n                     <p>Blainville, QC, J7C 0B4<\/p>\n                  <\/div>\n\t\t\t\t  <span class=\"angle-shap\"><\/span>\n               <\/div><!-- Box 1 end-->\n\t\t\t   <div class=\"col-md-4 footer-box\">\n                  <i class=\"\"><\/i>\n                  <div class=\"footer-box-content\">\n                     <h3><a class=\"brand-phone\" href=\"tel:1-(888) 335-5558\">1-(888) 335-5558<\/a><\/h3>\n                     <p>Remorquage 24\/7<\/p>\n                  <\/div>\n\t\t\t\t  <span class=\"angle-shap\"><\/span>\n\t\t\t\n               <\/div><!-- Box 1 end-->\n\t\t\t   <div class=\"col-md-4 footer-box\">\n                  <i class=\"\"><\/i>\n                  <div class=\"footer-box-content\">\n                     <h3><a class=\"brand-email\" href=\"\/fr-ca\/ateliers\/\">Emplacements ProColor<\/a><\/h3>\n                     <p>Contactez votre carrossier local<\/p>\n                  <\/div>\n               <\/div><!-- Box 1 end-->\n         <\/div><!-- Content row end--> \n\n\t          \n     \t\t<\/div>\n\t\t\t\t<\/div>\n\t\t\t\t\t\t<\/div>\n\t\t\t\t\t<\/div>\n\t\t<\/div>\n\t\t\t\t\t\t\t\t<\/div>\n\t\t\t\t\t<\/div>\n\t\t<\/section>\n\t\t\t\t\t\t<\/div>\n\t\t\t\t\t\t<\/div>\n\t\t\t\t\t<\/div>\n\t\t","protected":false},"excerpt":{"rendered":"<p>\u00c0 propos de nous Carrossier ProColor Boucherville jouit d\u2019une r\u00e9putation irr\u00e9prochable pour la prestation d\u2019un travail de haute qualit\u00e9 dans ses services de r\u00e9paration de carrosserie. Notre installation est \u00e9quip\u00e9e d\u2019outils de pointe et r\u00e9pond aux normes des fabricants pour assurer votre tranquillit\u00e9 d\u2019esprit et votre s\u00e9curit\u00e9 lorsque vous reprenez la route. Au service de [&hellip;]<\/p>\n","protected":false},"author":28,"featured_media":12445,"parent":9268,"menu_order":0,"comment_status":"closed","ping_status":"closed","template":"template\/shop.php","meta":{"footnotes":""},"class_list":["post-15097","page","type-page","status-publish","has-post-thumbnail","hentry"],"yoast_head":"<!-- This site is optimized with the Yoast SEO plugin v25.5 - https:\/\/yoast.com\/wordpress\/plugins\/seo\/ -->\n<title>Carrossier ProColor Boucherville &#8211; Carrossier ProColor<\/title>\n<meta name=\"description\" content=\"Trouvez l\u2019atelier Carrossier ProColor le plus pr\u00e8s : page d\u2019atelier de Carrossier ProColor Boucherville. Prenez un rendez-vous d\u2019estimation d\u00e8s aujourd&#039;hui !\" \/>\n<meta name=\"robots\" content=\"index, follow, max-snippet:-1, max-image-preview:large, max-video-preview:-1\" \/>\n<link rel=\"canonical\" href=\"https:\/\/www.procolor.com\/fr-ca\/atelier\/boucherville\/\" \/>\n<meta property=\"og:locale\" content=\"fr_CA\" \/>\n<meta property=\"og:type\" content=\"article\" \/>\n<meta property=\"og:title\" content=\"Carrossier ProColor Boucherville &#8211; Carrossier ProColor\" \/>\n<meta property=\"og:description\" content=\"Trouvez l\u2019atelier Carrossier ProColor le plus pr\u00e8s : page d\u2019atelier de Carrossier ProColor Boucherville. Prenez un rendez-vous d\u2019estimation d\u00e8s aujourd&#039;hui !\" \/>\n<meta property=\"og:url\" content=\"https:\/\/www.procolor.com\/fr-ca\/atelier\/boucherville\/\" \/>\n<meta property=\"og:site_name\" content=\"Carrossier ProColor\" \/>\n<meta property=\"article:publisher\" content=\"https:\/\/www.facebook.com\/ProColorCollisionUSA\/\" \/>\n<meta property=\"article:modified_time\" content=\"2022-02-11T18:17:41+00:00\" \/>\n<meta property=\"og:image\" content=\"https:\/\/www.procolor.com\/wp-content\/uploads\/2021\/08\/Carrossier-ProColor-Boucherville-scaled.jpg\" \/>\n\t<meta property=\"og:image:width\" content=\"2560\" \/>\n\t<meta property=\"og:image:height\" content=\"1920\" \/>\n\t<meta property=\"og:image:type\" content=\"image\/jpeg\" \/>\n<meta name=\"twitter:card\" content=\"summary_large_image\" \/>\n<meta name=\"twitter:site\" content=\"@ProColorC\" \/>\n<meta name=\"twitter:label1\" content=\"Estimation du temps de lecture\" \/>\n\t<meta name=\"twitter:data1\" content=\"4 minutes\" \/>\n<script type=\"application\/ld+json\" class=\"yoast-schema-graph\">{\"@context\":\"https:\/\/schema.org\",\"@graph\":[{\"@type\":\"WebPage\",\"@id\":\"https:\/\/www.procolor.com\/fr-ca\/atelier\/boucherville\/\",\"url\":\"https:\/\/www.procolor.com\/fr-ca\/atelier\/boucherville\/\",\"name\":\"Carrossier ProColor Boucherville &#8211; Carrossier ProColor\",\"isPartOf\":{\"@id\":\"https:\/\/www.procolor.com\/fr-ca\/#website\"},\"primaryImageOfPage\":{\"@id\":\"https:\/\/www.procolor.com\/fr-ca\/atelier\/boucherville\/#primaryimage\"},\"image\":{\"@id\":\"https:\/\/www.procolor.com\/fr-ca\/atelier\/boucherville\/#primaryimage\"},\"thumbnailUrl\":\"https:\/\/www.procolor.com\/wp-content\/uploads\/2021\/08\/Carrossier-ProColor-Boucherville-scaled.jpg\",\"datePublished\":\"2021-08-10T19:57:20+00:00\",\"dateModified\":\"2022-02-11T18:17:41+00:00\",\"description\":\"Trouvez l\u2019atelier Carrossier ProColor le plus pr\u00e8s : page d\u2019atelier de Carrossier ProColor Boucherville. Prenez un rendez-vous d\u2019estimation d\u00e8s aujourd'hui !\",\"breadcrumb\":{\"@id\":\"https:\/\/www.procolor.com\/fr-ca\/atelier\/boucherville\/#breadcrumb\"},\"inLanguage\":\"fr-CA\",\"potentialAction\":[{\"@type\":\"ReadAction\",\"target\":[\"https:\/\/www.procolor.com\/fr-ca\/atelier\/boucherville\/\"]}]},{\"@type\":\"ImageObject\",\"inLanguage\":\"fr-CA\",\"@id\":\"https:\/\/www.procolor.com\/fr-ca\/atelier\/boucherville\/#primaryimage\",\"url\":\"https:\/\/www.procolor.com\/wp-content\/uploads\/2021\/08\/Carrossier-ProColor-Boucherville-scaled.jpg\",\"contentUrl\":\"https:\/\/www.procolor.com\/wp-content\/uploads\/2021\/08\/Carrossier-ProColor-Boucherville-scaled.jpg\",\"width\":2560,\"height\":1920,\"caption\":\"Carrossier ProColor Boucherville\"},{\"@type\":\"BreadcrumbList\",\"@id\":\"https:\/\/www.procolor.com\/fr-ca\/atelier\/boucherville\/#breadcrumb\",\"itemListElement\":[{\"@type\":\"ListItem\",\"position\":1,\"name\":\"Home\",\"item\":\"https:\/\/www.procolor.com\/fr-ca\/\"},{\"@type\":\"ListItem\",\"position\":2,\"name\":\"Atelier\",\"item\":\"https:\/\/www.procolor.com\/fr-ca\/atelier\/\"},{\"@type\":\"ListItem\",\"position\":3,\"name\":\"Boucherville\"}]},{\"@type\":\"WebSite\",\"@id\":\"https:\/\/www.procolor.com\/fr-ca\/#website\",\"url\":\"https:\/\/www.procolor.com\/fr-ca\/\",\"name\":\"Carrossier ProColor\",\"description\":\"ProColor Collision est un r\u00e9seau d'ateliers de carrosserie et de carrossiers, soutenu par la puissance d'un r\u00e9seau mondial de rechange automobiles.\",\"publisher\":{\"@id\":\"https:\/\/www.procolor.com\/fr-ca\/#organization\"},\"potentialAction\":[{\"@type\":\"SearchAction\",\"target\":{\"@type\":\"EntryPoint\",\"urlTemplate\":\"https:\/\/www.procolor.com\/fr-ca\/?s={search_term_string}\"},\"query-input\":{\"@type\":\"PropertyValueSpecification\",\"valueRequired\":true,\"valueName\":\"search_term_string\"}}],\"inLanguage\":\"fr-CA\"},{\"@type\":\"Organization\",\"@id\":\"https:\/\/www.procolor.com\/fr-ca\/#organization\",\"name\":\"ProColor Collision USA LLC\",\"url\":\"https:\/\/www.procolor.com\/fr-ca\/\",\"logo\":{\"@type\":\"ImageObject\",\"inLanguage\":\"fr-CA\",\"@id\":\"https:\/\/www.procolor.com\/fr-ca\/#\/schema\/logo\/image\/\",\"url\":\"https:\/\/www.procolor.com\/wp-content\/uploads\/2021\/05\/cp-new-logo.png\",\"contentUrl\":\"https:\/\/www.procolor.com\/wp-content\/uploads\/2021\/05\/cp-new-logo.png\",\"width\":286,\"height\":79,\"caption\":\"ProColor Collision USA LLC\"},\"image\":{\"@id\":\"https:\/\/www.procolor.com\/fr-ca\/#\/schema\/logo\/image\/\"},\"sameAs\":[\"https:\/\/www.facebook.com\/ProColorCollisionUSA\/\",\"https:\/\/x.com\/ProColorC\",\"https:\/\/www.linkedin.com\/company\/procolor-collision\/\"]}]}<\/script>\n<!-- \/ Yoast SEO plugin. -->","yoast_head_json":{"title":"Carrossier ProColor Boucherville &#8211; Carrossier ProColor","description":"Trouvez l\u2019atelier Carrossier ProColor le plus pr\u00e8s : page d\u2019atelier de Carrossier ProColor Boucherville. Prenez un rendez-vous d\u2019estimation d\u00e8s aujourd'hui !","robots":{"index":"index","follow":"follow","max-snippet":"max-snippet:-1","max-image-preview":"max-image-preview:large","max-video-preview":"max-video-preview:-1"},"canonical":"https:\/\/www.procolor.com\/fr-ca\/atelier\/boucherville\/","og_locale":"fr_CA","og_type":"article","og_title":"Carrossier ProColor Boucherville &#8211; Carrossier ProColor","og_description":"Trouvez l\u2019atelier Carrossier ProColor le plus pr\u00e8s : page d\u2019atelier de Carrossier ProColor Boucherville. Prenez un rendez-vous d\u2019estimation d\u00e8s aujourd'hui !","og_url":"https:\/\/www.procolor.com\/fr-ca\/atelier\/boucherville\/","og_site_name":"Carrossier ProColor","article_publisher":"https:\/\/www.facebook.com\/ProColorCollisionUSA\/","article_modified_time":"2022-02-11T18:17:41+00:00","og_image":[{"width":2560,"height":1920,"url":"https:\/\/www.procolor.com\/wp-content\/uploads\/2021\/08\/Carrossier-ProColor-Boucherville-scaled.jpg","type":"image\/jpeg"}],"twitter_card":"summary_large_image","twitter_site":"@ProColorC","twitter_misc":{"Estimation du temps de lecture":"4 minutes"},"schema":{"@context":"https:\/\/schema.org","@graph":[{"@type":"WebPage","@id":"https:\/\/www.procolor.com\/fr-ca\/atelier\/boucherville\/","url":"https:\/\/www.procolor.com\/fr-ca\/atelier\/boucherville\/","name":"Carrossier ProColor Boucherville &#8211; Carrossier ProColor","isPartOf":{"@id":"https:\/\/www.procolor.com\/fr-ca\/#website"},"primaryImageOfPage":{"@id":"https:\/\/www.procolor.com\/fr-ca\/atelier\/boucherville\/#primaryimage"},"image":{"@id":"https:\/\/www.procolor.com\/fr-ca\/atelier\/boucherville\/#primaryimage"},"thumbnailUrl":"https:\/\/www.procolor.com\/wp-content\/uploads\/2021\/08\/Carrossier-ProColor-Boucherville-scaled.jpg","datePublished":"2021-08-10T19:57:20+00:00","dateModified":"2022-02-11T18:17:41+00:00","description":"Trouvez l\u2019atelier Carrossier ProColor le plus pr\u00e8s : page d\u2019atelier de Carrossier ProColor Boucherville. Prenez un rendez-vous d\u2019estimation d\u00e8s aujourd'hui !","breadcrumb":{"@id":"https:\/\/www.procolor.com\/fr-ca\/atelier\/boucherville\/#breadcrumb"},"inLanguage":"fr-CA","potentialAction":[{"@type":"ReadAction","target":["https:\/\/www.procolor.com\/fr-ca\/atelier\/boucherville\/"]}]},{"@type":"ImageObject","inLanguage":"fr-CA","@id":"https:\/\/www.procolor.com\/fr-ca\/atelier\/boucherville\/#primaryimage","url":"https:\/\/www.procolor.com\/wp-content\/uploads\/2021\/08\/Carrossier-ProColor-Boucherville-scaled.jpg","contentUrl":"https:\/\/www.procolor.com\/wp-content\/uploads\/2021\/08\/Carrossier-ProColor-Boucherville-scaled.jpg","width":2560,"height":1920,"caption":"Carrossier ProColor Boucherville"},{"@type":"BreadcrumbList","@id":"https:\/\/www.procolor.com\/fr-ca\/atelier\/boucherville\/#breadcrumb","itemListElement":[{"@type":"ListItem","position":1,"name":"Home","item":"https:\/\/www.procolor.com\/fr-ca\/"},{"@type":"ListItem","position":2,"name":"Atelier","item":"https:\/\/www.procolor.com\/fr-ca\/atelier\/"},{"@type":"ListItem","position":3,"name":"Boucherville"}]},{"@type":"WebSite","@id":"https:\/\/www.procolor.com\/fr-ca\/#website","url":"https:\/\/www.procolor.com\/fr-ca\/","name":"Carrossier ProColor","description":"ProColor Collision est un r\u00e9seau d'ateliers de carrosserie et de carrossiers, soutenu par la puissance d'un r\u00e9seau mondial de rechange automobiles.","publisher":{"@id":"https:\/\/www.procolor.com\/fr-ca\/#organization"},"potentialAction":[{"@type":"SearchAction","target":{"@type":"EntryPoint","urlTemplate":"https:\/\/www.procolor.com\/fr-ca\/?s={search_term_string}"},"query-input":{"@type":"PropertyValueSpecification","valueRequired":true,"valueName":"search_term_string"}}],"inLanguage":"fr-CA"},{"@type":"Organization","@id":"https:\/\/www.procolor.com\/fr-ca\/#organization","name":"ProColor Collision USA LLC","url":"https:\/\/www.procolor.com\/fr-ca\/","logo":{"@type":"ImageObject","inLanguage":"fr-CA","@id":"https:\/\/www.procolor.com\/fr-ca\/#\/schema\/logo\/image\/","url":"https:\/\/www.procolor.com\/wp-content\/uploads\/2021\/05\/cp-new-logo.png","contentUrl":"https:\/\/www.procolor.com\/wp-content\/uploads\/2021\/05\/cp-new-logo.png","width":286,"height":79,"caption":"ProColor Collision USA LLC"},"image":{"@id":"https:\/\/www.procolor.com\/fr-ca\/#\/schema\/logo\/image\/"},"sameAs":["https:\/\/www.facebook.com\/ProColorCollisionUSA\/","https:\/\/x.com\/ProColorC","https:\/\/www.linkedin.com\/company\/procolor-collision\/"]}]}},"_links":{"self":[{"href":"https:\/\/www.procolor.com\/fr-ca\/wp-json\/wp\/v2\/pages\/15097","targetHints":{"allow":["GET"]}}],"collection":[{"href":"https:\/\/www.procolor.com\/fr-ca\/wp-json\/wp\/v2\/pages"}],"about":[{"href":"https:\/\/www.procolor.com\/fr-ca\/wp-json\/wp\/v2\/types\/page"}],"author":[{"embeddable":true,"href":"https:\/\/www.procolor.com\/fr-ca\/wp-json\/wp\/v2\/users\/28"}],"replies":[{"embeddable":true,"href":"https:\/\/www.procolor.com\/fr-ca\/wp-json\/wp\/v2\/comments?post=15097"}],"version-history":[{"count":17,"href":"https:\/\/www.procolor.com\/fr-ca\/wp-json\/wp\/v2\/pages\/15097\/revisions"}],"predecessor-version":[{"id":25201,"href":"https:\/\/www.procolor.com\/fr-ca\/wp-json\/wp\/v2\/pages\/15097\/revisions\/25201"}],"up":[{"embeddable":true,"href":"https:\/\/www.procolor.com\/fr-ca\/wp-json\/wp\/v2\/pages\/9268"}],"wp:featuredmedia":[{"embeddable":true,"href":"https:\/\/www.procolor.com\/fr-ca\/wp-json\/wp\/v2\/media\/12445"}],"wp:attachment":[{"href":"https:\/\/www.procolor.com\/fr-ca\/wp-json\/wp\/v2\/media?parent=15097"}],"curies":[{"name":"wp","href":"https:\/\/api.w.org\/{rel}","templated":true}]}}